{"id":10754,"date":"2025-09-03T22:15:36","date_gmt":"2025-09-03T21:15:36","guid":{"rendered":"https:\/\/bancdelsalimentsgirona.org\/ningun-hogar-sin-alimentos\/"},"modified":"2025-10-02T08:16:15","modified_gmt":"2025-10-02T07:16:15","slug":"ningun-hogar-sin-alimentos","status":"publish","type":"page","link":"https:\/\/bancdelsalimentsgirona.org\/es\/ningun-hogar-sin-alimentos\/","title":{"rendered":"Ning\u00fan hogar sin alimentos"},"content":{"rendered":"\t\t<div data-elementor-type=\"wp-page\" data-elementor-id=\"10754\" class=\"elementor elementor-10754 elementor-8382\" data-elementor-post-type=\"page\">\n\t\t\t\t<div class=\"elementor-element elementor-element-51d5a2a1 e-flex e-con-boxed e-con e-parent\" data-id=\"51d5a2a1\" data-element_type=\"container\" data-e-type=\"container\">\n\t\t\t\t\t<div class=\"e-con-inner\">\n\t\t\t\t<div class=\"elementor-element elementor-element-a06aabd elementor-widget elementor-widget-heading\" data-id=\"a06aabd\" data-element_type=\"widget\" data-e-type=\"widget\" data-widget_type=\"heading.default\">\n\t\t\t\t\t<h1 class=\"elementor-heading-title elementor-size-default\">Ning\u00fan hogar sin alimentos<\/h1>\t\t\t\t<\/div>\n\t\t<div class=\"elementor-element elementor-element-7eae19bd e-con-full e-flex e-con e-child\" data-id=\"7eae19bd\" data-element_type=\"container\" data-e-type=\"container\">\n\t\t\t\t<div class=\"elementor-element elementor-element-119f8068 elementor-widget elementor-widget-button\" data-id=\"119f8068\" data-element_type=\"widget\" data-e-type=\"widget\" data-widget_type=\"button.default\">\n\t\t\t\t\t\t\t\t\t\t<a class=\"elementor-button elementor-button-link elementor-size-sm\" href=\"https:\/\/bancdelsalimentsgirona.org\/es\/hacerse-voluntario\/\">\n\t\t\t\t\t\t<span class=\"elementor-button-content-wrapper\">\n\t\t\t\t\t\t\t\t\t<span class=\"elementor-button-text\">Hacerse voluntario<\/span>\n\t\t\t\t\t<\/span>\n\t\t\t\t\t<\/a>\n\t\t\t\t\t\t\t\t<\/div>\n\t\t\t\t<div class=\"elementor-element elementor-element-62eeed77 elementor-widget elementor-widget-button\" data-id=\"62eeed77\" data-element_type=\"widget\" data-e-type=\"widget\" data-widget_type=\"button.default\">\n\t\t\t\t\t\t\t\t\t\t<a class=\"elementor-button elementor-button-link elementor-size-sm\" href=\"https:\/\/bancdelsalimentsgirona.org\/es\/donacion-economica\/\">\n\t\t\t\t\t\t<span class=\"elementor-button-content-wrapper\">\n\t\t\t\t\t\t\t\t\t<span class=\"elementor-button-text\">Donaciones<\/span>\n\t\t\t\t\t<\/span>\n\t\t\t\t\t<\/a>\n\t\t\t\t\t\t\t\t<\/div>\n\t\t\t\t<\/div>\n\t\t\t\t\t<\/div>\n\t\t\t\t<\/div>\n\t\t<div class=\"elementor-element elementor-element-d896c20 e-flex e-con-boxed e-con e-parent\" data-id=\"d896c20\" data-element_type=\"container\" data-e-type=\"container\">\n\t\t\t\t\t<div class=\"e-con-inner\">\n\t\t\t\t<div class=\"elementor-element elementor-element-c54d121 elementor-widget elementor-widget-heading\" data-id=\"c54d121\" data-element_type=\"widget\" data-e-type=\"widget\" data-widget_type=\"heading.default\">\n\t\t\t\t\t<h2 class=\"elementor-heading-title elementor-size-default\">\u00danete a la campa\u00f1a \u201cNing\u00fan hogar sin alimentos\u201d<\/h2>\t\t\t\t<\/div>\n\t\t<div class=\"elementor-element elementor-element-fbf142c e-con-full e-flex e-con e-child\" data-id=\"fbf142c\" data-element_type=\"container\" data-e-type=\"container\">\n\t\t\t\t<div class=\"elementor-element elementor-element-0903e64 elementor-widget elementor-widget-text-editor\" data-id=\"0903e64\" data-element_type=\"widget\" data-e-type=\"widget\" data-widget_type=\"text-editor.default\">\n\t\t\t\t\t\t\t\t\t<p><span class=\"a_GcMg font-feature-liga-off font-feature-clig-off font-feature-calt-off text-decoration-none text-strikethrough-none\">En Catalu\u00f1a, m\u00e1s de 236.500 personas -cerca de 1,5 millones en todo el Estado- viven todav\u00eda en situaci\u00f3n de pobreza alimentaria. Seg\u00fan las previsiones de los Bancos de Alimentos, y se prev\u00e9 que esta cifra podr\u00eda aumentar un 20% en 2022 debido a la subida generalizada de los precios.<\/span><\/p>\t\t\t\t\t\t\t\t<\/div>\n\t\t\t\t<\/div>\n\t\t\t\t\t<\/div>\n\t\t\t\t<\/div>\n\t\t<div class=\"elementor-element elementor-element-72954f5 e-flex e-con-boxed e-con e-parent\" data-id=\"72954f5\" data-element_type=\"container\" data-e-type=\"container\">\n\t\t\t\t\t<div class=\"e-con-inner\">\n\t\t<div class=\"elementor-element elementor-element-24a7b8b e-con-full e-flex e-con e-child\" data-id=\"24a7b8b\" data-element_type=\"container\" data-e-type=\"container\">\n\t\t\t\t<div class=\"elementor-element elementor-element-458a344 elementor-widget elementor-widget-heading\" data-id=\"458a344\" data-element_type=\"widget\" data-e-type=\"widget\" data-widget_type=\"heading.default\">\n\t\t\t\t\t<h2 class=\"elementor-heading-title elementor-size-default\">Entre todos hacemos frente a la emergencia social<\/h2>\t\t\t\t<\/div>\n\t\t\t\t<div class=\"elementor-element elementor-element-9eec523 elementor-widget elementor-widget-text-editor\" data-id=\"9eec523\" data-element_type=\"widget\" data-e-type=\"widget\" data-widget_type=\"text-editor.default\">\n\t\t\t\t\t\t\t\t\t<p>La inflaci\u00f3n tambi\u00e9n ha impactado directamente en las provisiones de los bancos de alimentos y de las entidades sociales que reparten comida en los barrios. Recibimos menos donativos y excedentes, lo que nos ha obligado a reducir m\u00e1s de un 12% los alimentos que distribuimos.<\/p>\t\t\t\t\t\t\t\t<\/div>\n\t\t\t\t<\/div>\n\t\t<div class=\"elementor-element elementor-element-ae4f6df e-con-full e-flex e-con e-child\" data-id=\"ae4f6df\" data-element_type=\"container\" data-e-type=\"container\" data-settings=\"{&quot;background_background&quot;:&quot;classic&quot;}\">\n\t\t\t\t<\/div>\n\t\t\t\t\t<\/div>\n\t\t\t\t<\/div>\n\t\t<div class=\"elementor-element elementor-element-72d0be5 e-flex e-con-boxed e-con e-parent\" data-id=\"72d0be5\" data-element_type=\"container\" data-e-type=\"container\">\n\t\t\t\t\t<div class=\"e-con-inner\">\n\t\t\t\t<div class=\"elementor-element elementor-element-8f4e317 elementor-widget elementor-widget-text-editor\" data-id=\"8f4e317\" data-element_type=\"widget\" data-e-type=\"widget\" data-widget_type=\"text-editor.default\">\n\t\t\t\t\t\t\t\t\t<p>Para responder a esta emergencia, la Fundaci\u00f3n \u201cla Caixa\u201d y CaixaBank han vuelto a poner en marcha la campa\u00f1a \u201cNing\u00fan hogar sin alimentos\u201d, una iniciativa solidaria que este a\u00f1o ha celebrado su cuarta edici\u00f3n, en junio de 2024.<\/p>\t\t\t\t\t\t\t\t<\/div>\n\t\t\t\t\t<\/div>\n\t\t\t\t<\/div>\n\t\t<div class=\"elementor-element elementor-element-edd996f e-flex e-con-boxed e-con e-parent\" data-id=\"edd996f\" data-element_type=\"container\" data-e-type=\"container\">\n\t\t\t\t\t<div class=\"e-con-inner\">\n\t\t\t\t<div class=\"elementor-element elementor-element-ee2069b elementor-align-center elementor-widget elementor-widget-button\" data-id=\"ee2069b\" data-element_type=\"widget\" data-e-type=\"widget\" data-widget_type=\"button.default\">\n\t\t\t\t\t\t\t\t\t\t<a class=\"elementor-button elementor-button-link elementor-size-sm\" href=\"https:\/\/www.caixabank.es\/particular\/general\/banc-daliments.html\" target=\"_blank\">\n\t\t\t\t\t\t<span class=\"elementor-button-content-wrapper\">\n\t\t\t\t\t\t\t\t\t<span class=\"elementor-button-text\">Colabora con \u201cNing\u00fan hogar sin alimentos\u201d<\/span>\n\t\t\t\t\t<\/span>\n\t\t\t\t\t<\/a>\n\t\t\t\t\t\t\t\t<\/div>\n\t\t\t\t\t<\/div>\n\t\t\t\t<\/div>\n\t\t<div class=\"elementor-element elementor-element-27425b3 e-flex e-con-boxed e-con e-parent\" data-id=\"27425b3\" data-element_type=\"container\" data-e-type=\"container\">\n\t\t\t\t\t<div class=\"e-con-inner\">\n\t\t\t\t<div class=\"elementor-element elementor-element-e6bf418 elementor-headline--style-highlight elementor-widget elementor-widget-animated-headline\" data-id=\"e6bf418\" data-element_type=\"widget\" data-e-type=\"widget\" data-settings=\"{&quot;highlighted_text&quot;:&quot;Gracias&quot;,&quot;highlight_animation_duration&quot;:5200,&quot;highlight_iteration_delay&quot;:10000,&quot;headline_style&quot;:&quot;highlight&quot;,&quot;marker&quot;:&quot;circle&quot;,&quot;loop&quot;:&quot;yes&quot;}\" data-widget_type=\"animated-headline.default\">\n\t\t\t\t\t\t\t<h3 class=\"elementor-headline\">\n\t\t\t\t<span class=\"elementor-headline-dynamic-wrapper elementor-headline-text-wrapper\">\n\t\t\t\t\t<span class=\"elementor-headline-dynamic-text elementor-headline-text-active\">Gracias<\/span>\n\t\t\t\t<\/span>\n\t\t\t\t\t<span class=\"elementor-headline-plain-text elementor-headline-text-wrapper\">en la colaboraci\u00f3n ciudadana y empresarial ya hemos recaudado una generosa cantidad de dinero que se destina directamente a garantizar que ninguna persona se quede sin alimentos.<\/span>\n\t\t\t\t\t<\/h3>\n\t\t\t\t\t\t<\/div>\n\t\t\t\t\t<\/div>\n\t\t\t\t<\/div>\n\t\t\t\t<\/div>\n\t\t","protected":false},"excerpt":{"rendered":"<p>Ning\u00fan hogar sin alimentos Hacerse voluntario Donaciones \u00danete a la campa\u00f1a \u201cNing\u00fan hogar sin alimentos\u201d En Catalu\u00f1a, m\u00e1s de 236.500 personas -cerca de 1,5 millones en todo el Estado- viven todav\u00eda en situaci\u00f3n de pobreza alimentaria. Seg\u00fan las previsiones de los Bancos de Alimentos, y se prev\u00e9 que esta cifra podr\u00eda aumentar un 20% en [&hellip;]<\/p>\n","protected":false},"author":316,"featured_media":0,"parent":0,"menu_order":0,"comment_status":"closed","ping_status":"closed","template":"","meta":{"give_campaign_id":0,"footnotes":""},"class_list":["post-10754","page","type-page","status-publish","hentry"],"campaignId":"","_links":{"self":[{"href":"https:\/\/bancdelsalimentsgirona.org\/es\/wp-json\/wp\/v2\/pages\/10754","targetHints":{"allow":["GET"]}}],"collection":[{"href":"https:\/\/bancdelsalimentsgirona.org\/es\/wp-json\/wp\/v2\/pages"}],"about":[{"href":"https:\/\/bancdelsalimentsgirona.org\/es\/wp-json\/wp\/v2\/types\/page"}],"author":[{"embeddable":true,"href":"https:\/\/bancdelsalimentsgirona.org\/es\/wp-json\/wp\/v2\/users\/316"}],"replies":[{"embeddable":true,"href":"https:\/\/bancdelsalimentsgirona.org\/es\/wp-json\/wp\/v2\/comments?post=10754"}],"version-history":[{"count":0,"href":"https:\/\/bancdelsalimentsgirona.org\/es\/wp-json\/wp\/v2\/pages\/10754\/revisions"}],"wp:attachment":[{"href":"https:\/\/bancdelsalimentsgirona.org\/es\/wp-json\/wp\/v2\/media?parent=10754"}],"curies":[{"name":"wp","href":"https:\/\/api.w.org\/{rel}","templated":true}]}}